{"id":118470,"date":"2023-05-08T10:38:09","date_gmt":"2023-05-08T08:38:09","guid":{"rendered":"https:\/\/mathiaslandau.com\/?post_type=portfolio&#038;p=118470"},"modified":"2023-05-11T15:11:49","modified_gmt":"2023-05-11T13:11:49","slug":"layers","status":"publish","type":"portfolio","link":"https:\/\/mathiaslandau.com\/en\/portfolio\/layers\/","title":{"rendered":"Layers"},"content":{"rendered":"<div class=\"wpb-content-wrapper\"><div data-parent=\"true\" class=\"vc_row row-container\" id=\"row-unique-0\"><div class=\"row triple-top-padding triple-bottom-padding single-h-padding limit-width row-parent\"><div class=\"wpb_row row-inner\"><div class=\"wpb_column pos-top pos-center align_left column_parent col-lg-4 single-internal-gutter\"><div class=\"uncol style-light sticky-element sticky-sidebar\"  ><div class=\"uncoltable\"><div class=\"uncell no-block-padding\" ><div class=\"uncont\" ><div class=\"vc_custom_heading_wrap\"><div class=\"heading-text el-text\" ><h1 class=\"h1\" ><span>Layers<\/span><\/h1><hr class=\"separator-break\" \/><\/div><div class=\"clear\"><\/div><\/div><div class=\"uncode_text_column\" ><p>For his latest performance, which took place after the Landau fashion show at Paris Fashion Week 2023, dancer and choreographer Rayan (stage name Cl\u00e9o) chose Landau to create the costumes.<\/p>\n<p>\u00abA burlesco-contemporary performance written by Rayan <a href=\"https:\/\/www.instagram.com\/cleopatra_is_in_jail\/\">@cleopatra_is_in_jail<\/a><br \/>\n<em>Exploring a being\u2019s different levels of depth and the way they reveals their personality through several atmospheres and emotions.<\/em><br \/>\n<em>All of that states are emphasized by the pieces of the costume that can be used together or independently and which send the caracater into a new world when they wear it.\u00bb<\/em><\/p>\n<\/div><span class=\"btn-container\" ><a role=\"button\"  href=\"https:\/\/www.numeromag.nl\/mathias-landau-presented-his-first-collection-during-paris-fashion-week-synonymous-with-boldness-and-sensuality\" class=\"custom-link btn border-width-0 btn-default btn-icon-left\">&gt; Click here to read the article<\/a><\/span><div class=\"uncode-wrapper uncode-share\" ><div class=\"share-button share-buttons share-inline\" data-url=\"\"><\/div><\/div><\/div><\/div><\/div><\/div><\/div><div class=\"wpb_column pos-top pos-center align_left column_parent col-lg-8 single-internal-gutter\"><div class=\"uncol style-light\"  ><div class=\"uncoltable\"><div class=\"uncell no-block-padding\" ><div class=\"uncont\" ><div class=\"uncode_text_column\" ><\/p>\n<h2>Hello Rayan, can you tell us about your collaboration with Landau ?<\/h2>\n<p>Hello, since we met, Mathias Landau and I have gotten into the habit of accompanying each other in each of our projects. As he is a dancer and a designer and I am a full-time dancer, I sometimes need a designer who understands the vibe of the artistic project; and Mathias Landau, because he is also an artist, knows how to transcribe this vibe.<\/p>\n<p>Conversely, proposing a passage from my creation Layers at his opening show, allows to demonstrate this other aspect of his work, the one energized by art. Landau is couture, but not only.<\/p>\n<h2>Can you tell us a bit about your costume tonight, made by Landau?<\/h2>\n<p>I definitely wanted to mix burlesque and trashy within an aesthetic. For the trashy side, we used raw materials like aluminum, denim, a survival blanket, chains. And the burlesque side that we find through the red wig and the drag queen makeup. The idea was to create a great and beautiful contrast between these two universes, one in the excess, the extravagance, the glam; and the other in the soft, the simple, the raw.<\/p>\n<h2>In your Layers project, how does your costume serve your work?<\/h2>\n<p>With Mathias Landau, we imagined a costume where all the pieces would be portable, together, accumulated with each other, but also portable separately. The goal was to transport the character and the spectator into different universes and to allow a more fluid sequence of emotions. What is complicated is to combine the practical aspect, because I am a dancer and therefore I must have free access to my body; with the aesthetic aspect, my costume must serve my art. Landau was able to meet the challenge perfectly.<\/p>\n<h2>Justly, do you think that Mathias Landau's training as a dancer contributes to a more qualitative work?<\/h2>\n<p>He is certain of it! First of all, for the creation of pieces that have an artistic and scenic aim, in terms of the pure construction of the piece, Mathias knows where he is going, because he can put himself in the place of the dancer. He knows which material will promote movement or not, which fastener can be removed more or less easily, etc. In other words, he knows where he is going. In other words, it is because he is a dancer that he is best placed to dress dancers.<\/p>\n<p>Secondly, artistically speaking, it is obvious that his artistic training positively impacts the quality of his work. To be a designer is to have beautiful ideas and it's an artist's job to propagate beauty through ideas transcribed in his art.<\/p>\n<\/div><div id=\"gallery-117191\" class=\"isotope-system isotope-general-light grid-general-light\">\n\t\t\t\t\t\n\t\n\t<div class=\"isotope-wrapper grid-wrapper single-gutter\" >\n\t\t\t\t\t\t\t\t\t<div class=\"isotope-container isotope-layout style-masonry\" data-type=\"masonry\" data-layout=\"masonry\" data-lg=\"1000\" data-md=\"600\" data-sm=\"480\">\n<div class=\"tmb tmb-iso-w12 tmb-iso-h4 tmb-light tmb-overlay-text-anim tmb-overlay-anim tmb-overlay-middle tmb-overlay-text-left tmb-image-anim tmb-bordered tmb-id-118449  tmb-media-first tmb-media-last tmb-content-overlay tmb-no-bg tmb-lightbox\" ><div class=\"t-inside no-anim\" ><div class=\"t-entry-visual\"><div class=\"t-entry-visual-tc\"><div class=\"t-entry-visual-cont\"><div class=\"dummy\" style=\"padding-top: 149.8%;\"><\/div><a href=\"https:\/\/mathiaslandau.com\/wp-content\/uploads\/2023\/05\/DSC_5005-scaled.jpg\"  class=\"pushed\" data-active=\"1\" data-lbox=\"ilightbox_gallery-117191\" data-external-thumb-image=\"https:\/\/mathiaslandau.com\/wp-content\/uploads\/2023\/05\/DSC_5005-150x150.jpg\" data-lg-size=\"1709-2560\" data-lb-index=\"0\"><div class=\"t-entry-visual-overlay\"><div class=\"t-entry-visual-overlay-in style-dark-bg\" style=\"opacity: 0.5;\"><\/div><\/div><img decoding=\"async\" class=\"wp-image-118449\" src=\"https:\/\/mathiaslandau.com\/wp-content\/uploads\/2023\/05\/DSC_5005-scaled.jpg\" width=\"1709\" height=\"2560\" alt=\"\" srcset=\"https:\/\/mathiaslandau.com\/wp-content\/uploads\/2023\/05\/DSC_5005-scaled.jpg 1709w, https:\/\/mathiaslandau.com\/wp-content\/uploads\/2023\/05\/DSC_5005-200x300.jpg 200w, https:\/\/mathiaslandau.com\/wp-content\/uploads\/2023\/05\/DSC_5005-683x1024.jpg 683w, https:\/\/mathiaslandau.com\/wp-content\/uploads\/2023\/05\/DSC_5005-768x1151.jpg 768w, https:\/\/mathiaslandau.com\/wp-content\/uploads\/2023\/05\/DSC_5005-1025x1536.jpg 1025w, https:\/\/mathiaslandau.com\/wp-content\/uploads\/2023\/05\/DSC_5005-1367x2048.jpg 1367w, https:\/\/mathiaslandau.com\/wp-content\/uploads\/2023\/05\/DSC_5005-8x12.jpg 8w, https:\/\/mathiaslandau.com\/wp-content\/uploads\/2023\/05\/DSC_5005-350x524.jpg 350w, https:\/\/mathiaslandau.com\/wp-content\/uploads\/2023\/05\/DSC_5005-600x899.jpg 600w\" sizes=\"(max-width: 1709px) 100vw, 1709px\" \/><\/a><\/div>\n\t\t\t\t\t<\/div>\n\t\t\t\t<\/div><\/div><\/div><div class=\"tmb tmb-iso-w12 tmb-iso-h4 tmb-light tmb-overlay-text-anim tmb-overlay-anim tmb-overlay-middle tmb-overlay-text-left tmb-image-anim tmb-bordered tmb-id-118451  tmb-media-first tmb-media-last tmb-content-overlay tmb-no-bg tmb-lightbox\" ><div class=\"t-inside no-anim\" ><div class=\"t-entry-visual\"><div class=\"t-entry-visual-tc\"><div class=\"t-entry-visual-cont\"><div class=\"dummy\" style=\"padding-top: 150%;\"><\/div><a href=\"https:\/\/mathiaslandau.com\/wp-content\/uploads\/2023\/05\/DSC_7159-scaled.jpeg\"  class=\"pushed\" data-active=\"1\" data-lbox=\"ilightbox_gallery-117191\" data-external-thumb-image=\"https:\/\/mathiaslandau.com\/wp-content\/uploads\/2023\/05\/DSC_7159-150x150.jpeg\" data-lg-size=\"1707-2560\" data-lb-index=\"1\"><div class=\"t-entry-visual-overlay\"><div class=\"t-entry-visual-overlay-in style-dark-bg\" style=\"opacity: 0.5;\"><\/div><\/div><img decoding=\"async\" class=\"wp-image-118451\" src=\"https:\/\/mathiaslandau.com\/wp-content\/uploads\/2023\/05\/DSC_7159-scaled.jpeg\" width=\"1707\" height=\"2560\" alt=\"\" srcset=\"https:\/\/mathiaslandau.com\/wp-content\/uploads\/2023\/05\/DSC_7159-scaled.jpeg 1707w, https:\/\/mathiaslandau.com\/wp-content\/uploads\/2023\/05\/DSC_7159-200x300.jpeg 200w, https:\/\/mathiaslandau.com\/wp-content\/uploads\/2023\/05\/DSC_7159-683x1024.jpeg 683w, https:\/\/mathiaslandau.com\/wp-content\/uploads\/2023\/05\/DSC_7159-768x1152.jpeg 768w, https:\/\/mathiaslandau.com\/wp-content\/uploads\/2023\/05\/DSC_7159-1024x1536.jpeg 1024w, https:\/\/mathiaslandau.com\/wp-content\/uploads\/2023\/05\/DSC_7159-1365x2048.jpeg 1365w, https:\/\/mathiaslandau.com\/wp-content\/uploads\/2023\/05\/DSC_7159-8x12.jpeg 8w, https:\/\/mathiaslandau.com\/wp-content\/uploads\/2023\/05\/DSC_7159-350x525.jpeg 350w, https:\/\/mathiaslandau.com\/wp-content\/uploads\/2023\/05\/DSC_7159-600x900.jpeg 600w\" sizes=\"(max-width: 1707px) 100vw, 1707px\" \/><\/a><\/div>\n\t\t\t\t\t<\/div>\n\t\t\t\t<\/div><\/div><\/div><div class=\"tmb tmb-iso-w12 tmb-iso-h4 tmb-light tmb-overlay-text-anim tmb-overlay-anim tmb-overlay-middle tmb-overlay-text-left tmb-image-anim tmb-bordered tmb-id-118446  tmb-media-first tmb-media-last tmb-content-overlay tmb-no-bg tmb-lightbox\" ><div class=\"t-inside no-anim\" ><div class=\"t-entry-visual\"><div class=\"t-entry-visual-tc\"><div class=\"t-entry-visual-cont\"><div class=\"dummy\" style=\"padding-top: 149.8%;\"><\/div><a href=\"https:\/\/mathiaslandau.com\/wp-content\/uploads\/2023\/05\/B94ED91C-68B9-4914-8322-9FC6B057FEB5-1-scaled.jpg\"  class=\"pushed\" data-active=\"1\" data-lbox=\"ilightbox_gallery-117191\" data-external-thumb-image=\"https:\/\/mathiaslandau.com\/wp-content\/uploads\/2023\/05\/B94ED91C-68B9-4914-8322-9FC6B057FEB5-1-150x150.jpg\" data-lg-size=\"1709-2560\" data-lb-index=\"2\"><div class=\"t-entry-visual-overlay\"><div class=\"t-entry-visual-overlay-in style-dark-bg\" style=\"opacity: 0.5;\"><\/div><\/div><img decoding=\"async\" class=\"wp-image-118446\" src=\"https:\/\/mathiaslandau.com\/wp-content\/uploads\/2023\/05\/B94ED91C-68B9-4914-8322-9FC6B057FEB5-1-scaled.jpg\" width=\"1709\" height=\"2560\" alt=\"\" srcset=\"https:\/\/mathiaslandau.com\/wp-content\/uploads\/2023\/05\/B94ED91C-68B9-4914-8322-9FC6B057FEB5-1-scaled.jpg 1709w, https:\/\/mathiaslandau.com\/wp-content\/uploads\/2023\/05\/B94ED91C-68B9-4914-8322-9FC6B057FEB5-1-200x300.jpg 200w, https:\/\/mathiaslandau.com\/wp-content\/uploads\/2023\/05\/B94ED91C-68B9-4914-8322-9FC6B057FEB5-1-683x1024.jpg 683w, https:\/\/mathiaslandau.com\/wp-content\/uploads\/2023\/05\/B94ED91C-68B9-4914-8322-9FC6B057FEB5-1-768x1151.jpg 768w, https:\/\/mathiaslandau.com\/wp-content\/uploads\/2023\/05\/B94ED91C-68B9-4914-8322-9FC6B057FEB5-1-1025x1536.jpg 1025w, https:\/\/mathiaslandau.com\/wp-content\/uploads\/2023\/05\/B94ED91C-68B9-4914-8322-9FC6B057FEB5-1-1367x2048.jpg 1367w, https:\/\/mathiaslandau.com\/wp-content\/uploads\/2023\/05\/B94ED91C-68B9-4914-8322-9FC6B057FEB5-1-8x12.jpg 8w, https:\/\/mathiaslandau.com\/wp-content\/uploads\/2023\/05\/B94ED91C-68B9-4914-8322-9FC6B057FEB5-1-350x524.jpg 350w, https:\/\/mathiaslandau.com\/wp-content\/uploads\/2023\/05\/B94ED91C-68B9-4914-8322-9FC6B057FEB5-1-600x899.jpg 600w\" sizes=\"(max-width: 1709px) 100vw, 1709px\" \/><\/a><\/div>\n\t\t\t\t\t<\/div>\n\t\t\t\t<\/div><\/div><\/div><div class=\"tmb tmb-iso-w12 tmb-iso-h4 tmb-light tmb-overlay-text-anim tmb-overlay-anim tmb-overlay-middle tmb-overlay-text-left tmb-image-anim tmb-bordered tmb-id-118448  tmb-media-first tmb-media-last tmb-content-overlay tmb-no-bg tmb-lightbox\" ><div class=\"t-inside no-anim\" ><div class=\"t-entry-visual\"><div class=\"t-entry-visual-tc\"><div class=\"t-entry-visual-cont\"><div class=\"dummy\" style=\"padding-top: 149.8%;\"><\/div><a href=\"https:\/\/mathiaslandau.com\/wp-content\/uploads\/2023\/05\/DSC_4909-scaled.jpg\"  class=\"pushed\" data-active=\"1\" data-lbox=\"ilightbox_gallery-117191\" data-external-thumb-image=\"https:\/\/mathiaslandau.com\/wp-content\/uploads\/2023\/05\/DSC_4909-150x150.jpg\" data-lg-size=\"1709-2560\" data-lb-index=\"3\"><div class=\"t-entry-visual-overlay\"><div class=\"t-entry-visual-overlay-in style-dark-bg\" style=\"opacity: 0.5;\"><\/div><\/div><img decoding=\"async\" class=\"wp-image-118448\" src=\"https:\/\/mathiaslandau.com\/wp-content\/uploads\/2023\/05\/DSC_4909-scaled.jpg\" width=\"1709\" height=\"2560\" alt=\"\" srcset=\"https:\/\/mathiaslandau.com\/wp-content\/uploads\/2023\/05\/DSC_4909-scaled.jpg 1709w, https:\/\/mathiaslandau.com\/wp-content\/uploads\/2023\/05\/DSC_4909-200x300.jpg 200w, https:\/\/mathiaslandau.com\/wp-content\/uploads\/2023\/05\/DSC_4909-683x1024.jpg 683w, https:\/\/mathiaslandau.com\/wp-content\/uploads\/2023\/05\/DSC_4909-768x1151.jpg 768w, https:\/\/mathiaslandau.com\/wp-content\/uploads\/2023\/05\/DSC_4909-1025x1536.jpg 1025w, https:\/\/mathiaslandau.com\/wp-content\/uploads\/2023\/05\/DSC_4909-1367x2048.jpg 1367w, https:\/\/mathiaslandau.com\/wp-content\/uploads\/2023\/05\/DSC_4909-8x12.jpg 8w, https:\/\/mathiaslandau.com\/wp-content\/uploads\/2023\/05\/DSC_4909-350x524.jpg 350w, https:\/\/mathiaslandau.com\/wp-content\/uploads\/2023\/05\/DSC_4909-600x899.jpg 600w\" sizes=\"(max-width: 1709px) 100vw, 1709px\" \/><\/a><\/div>\n\t\t\t\t\t<\/div>\n\t\t\t\t<\/div><\/div><\/div><div class=\"tmb tmb-iso-w12 tmb-iso-h4 tmb-light tmb-overlay-text-anim tmb-overlay-anim tmb-overlay-middle tmb-overlay-text-left tmb-image-anim tmb-bordered tmb-id-118450  tmb-media-first tmb-media-last tmb-content-overlay tmb-no-bg tmb-lightbox\" ><div class=\"t-inside no-anim\" ><div class=\"t-entry-visual\"><div class=\"t-entry-visual-tc\"><div class=\"t-entry-visual-cont\"><div class=\"dummy\" style=\"padding-top: 150%;\"><\/div><a href=\"https:\/\/mathiaslandau.com\/wp-content\/uploads\/2023\/05\/DSC_7116-scaled.jpeg\"  class=\"pushed\" data-active=\"1\" data-lbox=\"ilightbox_gallery-117191\" data-external-thumb-image=\"https:\/\/mathiaslandau.com\/wp-content\/uploads\/2023\/05\/DSC_7116-150x150.jpeg\" data-lg-size=\"1707-2560\" data-lb-index=\"4\"><div class=\"t-entry-visual-overlay\"><div class=\"t-entry-visual-overlay-in style-dark-bg\" style=\"opacity: 0.5;\"><\/div><\/div><img decoding=\"async\" class=\"wp-image-118450\" src=\"https:\/\/mathiaslandau.com\/wp-content\/uploads\/2023\/05\/DSC_7116-scaled.jpeg\" width=\"1707\" height=\"2560\" alt=\"\" srcset=\"https:\/\/mathiaslandau.com\/wp-content\/uploads\/2023\/05\/DSC_7116-scaled.jpeg 1707w, https:\/\/mathiaslandau.com\/wp-content\/uploads\/2023\/05\/DSC_7116-200x300.jpeg 200w, https:\/\/mathiaslandau.com\/wp-content\/uploads\/2023\/05\/DSC_7116-683x1024.jpeg 683w, https:\/\/mathiaslandau.com\/wp-content\/uploads\/2023\/05\/DSC_7116-768x1152.jpeg 768w, https:\/\/mathiaslandau.com\/wp-content\/uploads\/2023\/05\/DSC_7116-1024x1536.jpeg 1024w, https:\/\/mathiaslandau.com\/wp-content\/uploads\/2023\/05\/DSC_7116-1365x2048.jpeg 1365w, https:\/\/mathiaslandau.com\/wp-content\/uploads\/2023\/05\/DSC_7116-8x12.jpeg 8w, https:\/\/mathiaslandau.com\/wp-content\/uploads\/2023\/05\/DSC_7116-350x525.jpeg 350w, https:\/\/mathiaslandau.com\/wp-content\/uploads\/2023\/05\/DSC_7116-600x900.jpeg 600w\" sizes=\"(max-width: 1707px) 100vw, 1707px\" \/><\/a><\/div>\n\t\t\t\t\t<\/div>\n\t\t\t\t<\/div><\/div><\/div>\t\t\t<\/div>\n\t\t\t\t\t<\/div>\n\n\t\n\t\n\t\n<\/div>\n\n<\/div><\/div><\/div><\/div><\/div><script id=\"script-row-unique-0\" data-row=\"script-row-unique-0\" type=\"text\/javascript\" class=\"vc_controls\">UNCODE.initRow(document.getElementById(\"row-unique-0\"));<\/script><\/div><\/div><\/div>\n<\/div>","protected":false},"excerpt":{"rendered":"LayersPour sa derni\u00e8re performance qui s\u2019est d\u00e9roul\u00e9 apr\u00e8s le d\u00e9fil\u00e9 Landau de la Paris Fashion Week 2023, le danseur et [...]","protected":false},"author":1,"featured_media":118449,"parent":0,"menu_order":0,"comment_status":"open","ping_status":"open","template":"","meta":{"om_disable_all_campaigns":false,"_monsterinsights_skip_tracking":false,"_monsterinsights_sitenote_active":false,"_monsterinsights_sitenote_note":"","_monsterinsights_sitenote_category":0,"footnotes":""},"portfolio_category":[],"class_list":["post-118470","portfolio","type-portfolio","status-publish","has-post-thumbnail","hentry"],"yoast_head":"<!-- This site is optimized with the Yoast SEO plugin v27.5 - https:\/\/yoast.com\/product\/yoast-seo-wordpress\/ -->\n<title>Layers - Mathias Landau<\/title>\n<meta name=\"description\" content=\"Pour sa derni\u00e8re performance qui s\u2019est d\u00e9roul\u00e9 apr\u00e8s le d\u00e9fil\u00e9 Landau de la Paris Fashion Week 2023, le danseur et chor\u00e9graphe Rayan.\" \/>\n<meta name=\"robots\" content=\"index, follow, max-snippet:-1, max-image-preview:large, max-video-preview:-1\" \/>\n<link rel=\"canonical\" href=\"https:\/\/mathiaslandau.com\/en\/portfolio\/layers\/\" \/>\n<meta property=\"og:locale\" content=\"en_US\" \/>\n<meta property=\"og:type\" content=\"article\" \/>\n<meta property=\"og:title\" content=\"Layers - Mathias Landau\" \/>\n<meta property=\"og:description\" content=\"Pour sa derni\u00e8re performance qui s\u2019est d\u00e9roul\u00e9 apr\u00e8s le d\u00e9fil\u00e9 Landau de la Paris Fashion Week 2023, le danseur et chor\u00e9graphe Rayan.\" \/>\n<meta property=\"og:url\" content=\"https:\/\/mathiaslandau.com\/en\/portfolio\/layers\/\" \/>\n<meta property=\"og:site_name\" content=\"Mathias Landau\" \/>\n<meta property=\"article:modified_time\" content=\"2023-05-11T13:11:49+00:00\" \/>\n<meta property=\"og:image\" content=\"https:\/\/mathiaslandau.com\/wp-content\/uploads\/2023\/05\/DSC_5005-scaled.jpg\" \/>\n\t<meta property=\"og:image:width\" content=\"1709\" \/>\n\t<meta property=\"og:image:height\" content=\"2560\" \/>\n\t<meta property=\"og:image:type\" content=\"image\/jpeg\" \/>\n<meta name=\"twitter:card\" content=\"summary_large_image\" \/>\n<meta name=\"twitter:label1\" content=\"Est. reading time\" \/>\n\t<meta name=\"twitter:data1\" content=\"3 minutes\" \/>\n<script type=\"application\/ld+json\" class=\"yoast-schema-graph\">{\"@context\":\"https:\\\/\\\/schema.org\",\"@graph\":[{\"@type\":\"WebPage\",\"@id\":\"https:\\\/\\\/mathiaslandau.com\\\/portfolio\\\/layers\\\/\",\"url\":\"https:\\\/\\\/mathiaslandau.com\\\/portfolio\\\/layers\\\/\",\"name\":\"Layers - Mathias Landau\",\"isPartOf\":{\"@id\":\"https:\\\/\\\/mathiaslandau.com\\\/#website\"},\"primaryImageOfPage\":{\"@id\":\"https:\\\/\\\/mathiaslandau.com\\\/portfolio\\\/layers\\\/#primaryimage\"},\"image\":{\"@id\":\"https:\\\/\\\/mathiaslandau.com\\\/portfolio\\\/layers\\\/#primaryimage\"},\"thumbnailUrl\":\"https:\\\/\\\/mathiaslandau.com\\\/wp-content\\\/uploads\\\/2023\\\/05\\\/DSC_5005-scaled.jpg\",\"datePublished\":\"2023-05-08T08:38:09+00:00\",\"dateModified\":\"2023-05-11T13:11:49+00:00\",\"description\":\"Pour sa derni\u00e8re performance qui s\u2019est d\u00e9roul\u00e9 apr\u00e8s le d\u00e9fil\u00e9 Landau de la Paris Fashion Week 2023, le danseur et chor\u00e9graphe Rayan.\",\"breadcrumb\":{\"@id\":\"https:\\\/\\\/mathiaslandau.com\\\/portfolio\\\/layers\\\/#breadcrumb\"},\"inLanguage\":\"en-US\",\"potentialAction\":[{\"@type\":\"ReadAction\",\"target\":[\"https:\\\/\\\/mathiaslandau.com\\\/portfolio\\\/layers\\\/\"]}]},{\"@type\":\"ImageObject\",\"inLanguage\":\"en-US\",\"@id\":\"https:\\\/\\\/mathiaslandau.com\\\/portfolio\\\/layers\\\/#primaryimage\",\"url\":\"https:\\\/\\\/mathiaslandau.com\\\/wp-content\\\/uploads\\\/2023\\\/05\\\/DSC_5005-scaled.jpg\",\"contentUrl\":\"https:\\\/\\\/mathiaslandau.com\\\/wp-content\\\/uploads\\\/2023\\\/05\\\/DSC_5005-scaled.jpg\",\"width\":1709,\"height\":2560},{\"@type\":\"BreadcrumbList\",\"@id\":\"https:\\\/\\\/mathiaslandau.com\\\/portfolio\\\/layers\\\/#breadcrumb\",\"itemListElement\":[{\"@type\":\"ListItem\",\"position\":1,\"name\":\"Accueil\",\"item\":\"https:\\\/\\\/mathiaslandau.com\\\/\"},{\"@type\":\"ListItem\",\"position\":2,\"name\":\"Portfolio\",\"item\":\"https:\\\/\\\/mathiaslandau.com\\\/portfolio\\\/\"},{\"@type\":\"ListItem\",\"position\":3,\"name\":\"Layers\"}]},{\"@type\":\"WebSite\",\"@id\":\"https:\\\/\\\/mathiaslandau.com\\\/#website\",\"url\":\"https:\\\/\\\/mathiaslandau.com\\\/\",\"name\":\"Mathias Landau\",\"description\":\"R\u00e9v\u00e9lez votre sensualit\u00e9\",\"publisher\":{\"@id\":\"https:\\\/\\\/mathiaslandau.com\\\/#organization\"},\"potentialAction\":[{\"@type\":\"SearchAction\",\"target\":{\"@type\":\"EntryPoint\",\"urlTemplate\":\"https:\\\/\\\/mathiaslandau.com\\\/?s={search_term_string}\"},\"query-input\":{\"@type\":\"PropertyValueSpecification\",\"valueRequired\":true,\"valueName\":\"search_term_string\"}}],\"inLanguage\":\"en-US\"},{\"@type\":\"Organization\",\"@id\":\"https:\\\/\\\/mathiaslandau.com\\\/#organization\",\"name\":\"Mathias Landau\",\"url\":\"https:\\\/\\\/mathiaslandau.com\\\/\",\"logo\":{\"@type\":\"ImageObject\",\"inLanguage\":\"en-US\",\"@id\":\"https:\\\/\\\/mathiaslandau.com\\\/#\\\/schema\\\/logo\\\/image\\\/\",\"url\":\"https:\\\/\\\/mathiaslandau.com\\\/wp-content\\\/uploads\\\/2023\\\/12\\\/Noir.svg\",\"contentUrl\":\"https:\\\/\\\/mathiaslandau.com\\\/wp-content\\\/uploads\\\/2023\\\/12\\\/Noir.svg\",\"width\":1,\"height\":1,\"caption\":\"Mathias Landau\"},\"image\":{\"@id\":\"https:\\\/\\\/mathiaslandau.com\\\/#\\\/schema\\\/logo\\\/image\\\/\"},\"sameAs\":[\"https:\\\/\\\/www.instagram.com\\\/landauofficial\\\/\"]}]}<\/script>\n<!-- \/ Yoast SEO plugin. -->","yoast_head_json":{"title":"Layers - Mathias Landau","description":"Pour sa derni\u00e8re performance qui s\u2019est d\u00e9roul\u00e9 apr\u00e8s le d\u00e9fil\u00e9 Landau de la Paris Fashion Week 2023, le danseur et chor\u00e9graphe Rayan.","robots":{"index":"index","follow":"follow","max-snippet":"max-snippet:-1","max-image-preview":"max-image-preview:large","max-video-preview":"max-video-preview:-1"},"canonical":"https:\/\/mathiaslandau.com\/en\/portfolio\/layers\/","og_locale":"en_US","og_type":"article","og_title":"Layers - Mathias Landau","og_description":"Pour sa derni\u00e8re performance qui s\u2019est d\u00e9roul\u00e9 apr\u00e8s le d\u00e9fil\u00e9 Landau de la Paris Fashion Week 2023, le danseur et chor\u00e9graphe Rayan.","og_url":"https:\/\/mathiaslandau.com\/en\/portfolio\/layers\/","og_site_name":"Mathias Landau","article_modified_time":"2023-05-11T13:11:49+00:00","og_image":[{"width":1709,"height":2560,"url":"https:\/\/mathiaslandau.com\/wp-content\/uploads\/2023\/05\/DSC_5005-scaled.jpg","type":"image\/jpeg"}],"twitter_card":"summary_large_image","twitter_misc":{"Est. reading time":"3 minutes"},"schema":{"@context":"https:\/\/schema.org","@graph":[{"@type":"WebPage","@id":"https:\/\/mathiaslandau.com\/portfolio\/layers\/","url":"https:\/\/mathiaslandau.com\/portfolio\/layers\/","name":"Layers - Mathias Landau","isPartOf":{"@id":"https:\/\/mathiaslandau.com\/#website"},"primaryImageOfPage":{"@id":"https:\/\/mathiaslandau.com\/portfolio\/layers\/#primaryimage"},"image":{"@id":"https:\/\/mathiaslandau.com\/portfolio\/layers\/#primaryimage"},"thumbnailUrl":"https:\/\/mathiaslandau.com\/wp-content\/uploads\/2023\/05\/DSC_5005-scaled.jpg","datePublished":"2023-05-08T08:38:09+00:00","dateModified":"2023-05-11T13:11:49+00:00","description":"Pour sa derni\u00e8re performance qui s\u2019est d\u00e9roul\u00e9 apr\u00e8s le d\u00e9fil\u00e9 Landau de la Paris Fashion Week 2023, le danseur et chor\u00e9graphe Rayan.","breadcrumb":{"@id":"https:\/\/mathiaslandau.com\/portfolio\/layers\/#breadcrumb"},"inLanguage":"en-US","potentialAction":[{"@type":"ReadAction","target":["https:\/\/mathiaslandau.com\/portfolio\/layers\/"]}]},{"@type":"ImageObject","inLanguage":"en-US","@id":"https:\/\/mathiaslandau.com\/portfolio\/layers\/#primaryimage","url":"https:\/\/mathiaslandau.com\/wp-content\/uploads\/2023\/05\/DSC_5005-scaled.jpg","contentUrl":"https:\/\/mathiaslandau.com\/wp-content\/uploads\/2023\/05\/DSC_5005-scaled.jpg","width":1709,"height":2560},{"@type":"BreadcrumbList","@id":"https:\/\/mathiaslandau.com\/portfolio\/layers\/#breadcrumb","itemListElement":[{"@type":"ListItem","position":1,"name":"Accueil","item":"https:\/\/mathiaslandau.com\/"},{"@type":"ListItem","position":2,"name":"Portfolio","item":"https:\/\/mathiaslandau.com\/portfolio\/"},{"@type":"ListItem","position":3,"name":"Layers"}]},{"@type":"WebSite","@id":"https:\/\/mathiaslandau.com\/#website","url":"https:\/\/mathiaslandau.com\/","name":"Mathias Landau","description":"R\u00e9v\u00e9lez votre sensualit\u00e9","publisher":{"@id":"https:\/\/mathiaslandau.com\/#organization"},"potentialAction":[{"@type":"SearchAction","target":{"@type":"EntryPoint","urlTemplate":"https:\/\/mathiaslandau.com\/?s={search_term_string}"},"query-input":{"@type":"PropertyValueSpecification","valueRequired":true,"valueName":"search_term_string"}}],"inLanguage":"en-US"},{"@type":"Organization","@id":"https:\/\/mathiaslandau.com\/#organization","name":"Mathias Landau","url":"https:\/\/mathiaslandau.com\/","logo":{"@type":"ImageObject","inLanguage":"en-US","@id":"https:\/\/mathiaslandau.com\/#\/schema\/logo\/image\/","url":"https:\/\/mathiaslandau.com\/wp-content\/uploads\/2023\/12\/Noir.svg","contentUrl":"https:\/\/mathiaslandau.com\/wp-content\/uploads\/2023\/12\/Noir.svg","width":1,"height":1,"caption":"Mathias Landau"},"image":{"@id":"https:\/\/mathiaslandau.com\/#\/schema\/logo\/image\/"},"sameAs":["https:\/\/www.instagram.com\/landauofficial\/"]}]}},"_links":{"self":[{"href":"https:\/\/mathiaslandau.com\/en\/wp-json\/wp\/v2\/portfolio\/118470","targetHints":{"allow":["GET"]}}],"collection":[{"href":"https:\/\/mathiaslandau.com\/en\/wp-json\/wp\/v2\/portfolio"}],"about":[{"href":"https:\/\/mathiaslandau.com\/en\/wp-json\/wp\/v2\/types\/portfolio"}],"author":[{"embeddable":true,"href":"https:\/\/mathiaslandau.com\/en\/wp-json\/wp\/v2\/users\/1"}],"replies":[{"embeddable":true,"href":"https:\/\/mathiaslandau.com\/en\/wp-json\/wp\/v2\/comments?post=118470"}],"version-history":[{"count":5,"href":"https:\/\/mathiaslandau.com\/en\/wp-json\/wp\/v2\/portfolio\/118470\/revisions"}],"predecessor-version":[{"id":118509,"href":"https:\/\/mathiaslandau.com\/en\/wp-json\/wp\/v2\/portfolio\/118470\/revisions\/118509"}],"wp:featuredmedia":[{"embeddable":true,"href":"https:\/\/mathiaslandau.com\/en\/wp-json\/wp\/v2\/media\/118449"}],"wp:attachment":[{"href":"https:\/\/mathiaslandau.com\/en\/wp-json\/wp\/v2\/media?parent=118470"}],"wp:term":[{"taxonomy":"portfolio_category","embeddable":true,"href":"https:\/\/mathiaslandau.com\/en\/wp-json\/wp\/v2\/portfolio_category?post=118470"}],"curies":[{"name":"wp","href":"https:\/\/api.w.org\/{rel}","templated":true}]}}